{"id":7462,"date":"2020-03-03T14:48:30","date_gmt":"2020-03-03T13:48:30","guid":{"rendered":"https:\/\/bruksela.lodzkie.pl\/?page_id=7462"},"modified":"2020-03-03T14:48:30","modified_gmt":"2020-03-03T13:48:30","slug":"komisja-polityki-gospodarczej-econ-02-03-2020","status":"publish","type":"page","link":"https:\/\/bruksela.lodzkie.pl\/en\/komisja-polityki-gospodarczej-econ-02-03-2020\/","title":{"rendered":"General information"},"content":{"rendered":"<section ><div class=\"container\"><div class=\"row\"><div class=\"wpb_column vc_column_container col-sm-12  col-xs-mobile-fullwidth\"><div class=\"vc-column-innner-wrapper\"><div class=\"wpd-innner-wrapper\"><p><img loading=\"lazy\" decoding=\"async\" class=\"size-full wp-image-7393 aligncenter\" src=\"https:\/\/bruksela.lodzkie.pl\/wp-content\/uploads\/2020\/02\/KR.jpg\" alt=\"\" width=\"466\" height=\"291\" srcset=\"https:\/\/bruksela.lodzkie.pl\/wp-content\/uploads\/2020\/02\/KR.jpg 466w, https:\/\/bruksela.lodzkie.pl\/wp-content\/uploads\/2020\/02\/KR-150x94.jpg 150w\" sizes=\"auto, (max-width: 466px) 100vw, 466px\" \/><\/p>\n<\/div><\/div><\/div><\/div><\/div><\/section><section><div class=\"container\"><div class=\"row\"><div class=\"wpb_column vc_column_container col-sm-12  col-xs-mobile-fullwidth\"><div class=\"vc-column-innner-wrapper\"><div class=\"wpd-innner-wrapper\"><p><strong>Komitet Region\u00f3w z siedzib\u0105 w Brukseli<\/strong>, jest organem doradczym sk\u0142adaj\u0105cym si\u0119 z przedstawicieli europejskich w\u0142adz regionalnych i lokalnych, powo\u0142anym do \u017cycia w 1994 roku na mocy Traktatu o Unii Europejskiej z Maastricht.<\/p>\n<p>Oko\u0142o 75% przepis\u00f3w unijnych wdra\u017canych jest na szczeblu lokalnym lub regionalnym, dlatego zasadnym jest, by przedstawiciele samorz\u0105d\u00f3w lokalnych zabierali g\u0142os w procesie tworzenia nowych przepis\u00f3w unijnych. Przedstawiciele wsp\u00f3lnot lokalnych posiadaj\u0105cy mandat wyborczy znajduj\u0105 si\u0119 najbli\u017cej obywateli Europy i spraw, kt\u00f3re s\u0105 dla nich wa\u017cne. Dzi\u0119ki ich zaanga\u017cowaniu Komitet Region\u00f3w stanowi czynnik rozwoju demokracji w Unii Europejskiej.<\/p>\n<p>Delegacje krajowe sk\u0142adaj\u0105 si\u0119 z cz\u0142onk\u00f3w Komitetu Region\u00f3w reprezentuj\u0105cych jedno z 27 pa\u0144stw cz\u0142onkowskich Unii Europejskiej. Odzwierciedlaj\u0105 og\u00f3ln\u0105 r\u00f3wnowag\u0119 polityczn\u0105, geograficzn\u0105<br \/>\n&nbsp;regionaln\u0105 b\u0105d\u017a lokaln\u0105 w danym pa\u0144stwie cz\u0142onkowskim.<\/p>\n<p>Cz\u0142onk\u00f3w KR-u mianuje oficjalnie Rada Unii Europejskiej na wniosek pa\u0144stw cz\u0142onkowskich.<\/p>\n<p>Razem tworz\u0105 oni obecnie 329-osobowe Zgromadzenie Plenarne KR-u, kt\u00f3re zbiera si\u0119 w Brukseli kilka razy w roku, aby omawia\u0107 priorytety polityczne i przyjmowa\u0107 opinie w sprawie prawodawstwa UE.<\/p>\n<p>&nbsp;<\/p>\n<p>Dziennik Urz\u0119dowy Unii Europejskiej z 24 stycznia 2020 opublikowa\u0142 decyzj\u0119 Rady Unii Europejskiej<br \/>\n&nbsp;z dnia 20.01.2020 r. o mianowaniu cz\u0142onk\u00f3w Europejskiego Komitetu Region\u00f3w na kolejna kadencj\u0119 26 stycznia 2020 r. do dnia 25 stycznia 2025 r.<\/p>\n<p><em>Artyku\u0142 1 <\/em><\/p>\n<p><em>Niniejszym mianuje si\u0119 do Komitetu Region\u00f3w na okres od dnia 26 stycznia 2020 r. do dnia 25 stycznia 2025 r.: \u2014 na stanowiska cz\u0142onk\u00f3w \u2013 wymienione w wykazie zawartym w za\u0142\u0105czniku I osoby wskazane przez pa\u0144stwo cz\u0142onkowskie, \u2014 na stanowiska zast\u0119pc\u00f3w cz\u0142onk\u00f3w \u2013 wymienione w wykazie zawartym w za\u0142\u0105czniku II osoby wskazane przez pa\u0144stwo cz\u0142onkowskie. <\/em><\/p>\n<p><em>Artyku\u0142 2 Niniejsza decyzja wchodzi w \u017cycie z dniem jej przyj\u0119cia. <\/em><\/p>\n<p><em>Sporz\u0105dzono w Brukseli dnia 20 stycznia 2020 r.<\/em><\/p>\n<p>&nbsp;<\/p>\n<p><strong>Wi\u0119cej<\/strong>: <a href=\"https:\/\/eur-lex.europa.eu\/legal-content\/PL\/TXT\/PDF\/?uri=OJ:L:2020:020:FULL&amp;from=FR\">DECYZJA RADY (UE) 2020\/101 z dnia 20 stycznia 2020 r. w sprawie mianowania cz\u0142onka Komitetu Region\u00f3w zaproponowanego przez Rzeczpospolit\u0105 Polsk\u0105 <\/a><\/p>\n<\/div><\/div><\/div><\/div><\/div><\/section>","protected":false},"excerpt":{"rendered":"<p>Komitet Region\u00f3w z siedzib\u0105 w Brukseli, jest organem doradczym sk\u0142adaj\u0105cym si\u0119 z przedstawicieli europejskich w\u0142adz regionalnych i lokalnych, powo\u0142anym do \u017cycia w 1994 roku na mocy Traktatu o Unii Europejskiej z Maastricht. Oko\u0142o 75% przepis\u00f3w unijnych wdra\u017canych jest na szczeblu lokalnym lub regionalnym, dlatego zasadnym jest, by przedstawiciele samorz\u0105d\u00f3w lokalnych zabierali g\u0142os w procesie tworzenia [&hellip;]<\/p>\n","protected":false},"author":14,"featured_media":0,"parent":0,"menu_order":0,"comment_status":"closed","ping_status":"closed","template":"","meta":{"_acf_changed":false,"footnotes":""},"class_list":["post-7462","page","type-page","status-publish","hentry"],"acf":[],"_links":{"self":[{"href":"https:\/\/bruksela.lodzkie.pl\/en\/wp-json\/wp\/v2\/pages\/7462","targetHints":{"allow":["GET"]}}],"collection":[{"href":"https:\/\/bruksela.lodzkie.pl\/en\/wp-json\/wp\/v2\/pages"}],"about":[{"href":"https:\/\/bruksela.lodzkie.pl\/en\/wp-json\/wp\/v2\/types\/page"}],"author":[{"embeddable":true,"href":"https:\/\/bruksela.lodzkie.pl\/en\/wp-json\/wp\/v2\/users\/14"}],"replies":[{"embeddable":true,"href":"https:\/\/bruksela.lodzkie.pl\/en\/wp-json\/wp\/v2\/comments?post=7462"}],"version-history":[{"count":1,"href":"https:\/\/bruksela.lodzkie.pl\/en\/wp-json\/wp\/v2\/pages\/7462\/revisions"}],"predecessor-version":[{"id":7469,"href":"https:\/\/bruksela.lodzkie.pl\/en\/wp-json\/wp\/v2\/pages\/7462\/revisions\/7469"}],"wp:attachment":[{"href":"https:\/\/bruksela.lodzkie.pl\/en\/wp-json\/wp\/v2\/media?parent=7462"}],"curies":[{"name":"wp","href":"https:\/\/api.w.org\/{rel}","templated":true}]}}