{"id":8286,"date":"2021-11-12T10:27:15","date_gmt":"2021-11-12T09:27:15","guid":{"rendered":"https:\/\/bruksela.lodzkie.pl\/?page_id=8286"},"modified":"2021-11-16T13:11:00","modified_gmt":"2021-11-16T12:11:00","slug":"v-miedzynarodowe-spotkanie-partnerow-projektu-lca4regions-wojewodztwo-lodzkie-28-30-09-2021-r","status":"publish","type":"page","link":"https:\/\/bruksela.lodzkie.pl\/en\/nasze-projekty\/ochrona-srodowiska-i-efektywne-gospodarowanie-zasobami-przez-wykorzystanie-instrumentow-cyklu-zycia-produktu-w-realizacji-polityki-regionalnej-lca4regions\/v-miedzynarodowe-spotkanie-partnerow-projektu-lca4regions-wojewodztwo-lodzkie-28-30-09-2021-r\/","title":{"rendered":"(Polski) V mi\u0119dzynarodowe spotkanie partner\u00f3w projektu LCA4Regions &#8211; Wojew\u00f3dztwo \u0141\u00f3dzkie  28-30.09.2021 r."},"content":{"rendered":"<section ><div class=\"container\"><div class=\"row\"><div class=\"wpb_column vc_column_container col-sm-12  col-xs-mobile-fullwidth\"><div class=\"vc-column-innner-wrapper\"><div class=\"wpd-innner-wrapper\"><p>&nbsp;<\/p>\n<p style=\"text-align: justify;\"><strong>Partnerzy projektu pt. \u201e<\/strong><a href=\"https:\/\/bruksela.lodzkie.pl\/nasze-projekty\/ochrona-srodowiska-i-efektywne-gospodarowanie-zasobami-przez-wykorzystanie-instrumentow-cyklu-zycia-produktu-w-realizacji-polityki-regionalnej-lca4regions\/\"><strong>Ochrona \u015brodowiska i efektywne gospodarowanie zasobami przez wykorzystanie instrument\u00f3w cyklu \u017cycia produktu w realizacji polityki regionalnej<\/strong><\/a><strong>\u201d - LCA4Regions (program <\/strong><a href=\"https:\/\/www.interregeurope.eu\/lca4regions\/events\/event\/4683\/training-and-capacity-building-in-lca\/\"><strong>Interreg Europe<\/strong><\/a><strong>) spotkali si\u0119 kolejny raz, aby wymieni\u0107 si\u0119 do\u015bwiadczeniami i przedyskutowa\u0107 w jaki spos\u00f3b mo\u017cna rozwija\u0107 potencja\u0142 metodologii cyklu \u017cycia.<\/strong><\/p>\n<p style=\"text-align: justify;\">Trzydniowe spotkanie online w autorskiej formule tzw. TLJ5 <em>(ang. Transnational Learning Journey nr 5) <\/em>zosta\u0142o zorganizowane przez Wojew\u00f3dztwo \u0141\u00f3dzkie w dniach 28-30.09.2021 r. i dotyczy\u0142o systemu szkole\u0144 i edukacji, budowania potencja\u0142u celem upowszechnienia metodologii oceny cyklu \u017cycia w gospodarce obiegu zamkni\u0119tego, nie tylko na poziomie region\u00f3w UE. Partnerem merytorycznym tego wydarzenia by\u0142a Politechnika \u0141\u00f3dzka oraz Politechnika Cz\u0119stochowska.&nbsp; Spotkanie by\u0142o cz\u0119\u015bci\u0105 <a href=\"https:\/\/www.gov.pl\/web\/klimat\/europejski-tydzien-zrownowazonego-rozwoju\">Europejskiego Tygodnia Zr\u00f3wnowa\u017conego Rozwoju<\/a> pod patronatem Ministerstwa Klimatu i \u015arodowiska (MKi\u015a).<\/p>\n<p style=\"text-align: justify;\">Podczas spotkania eksperci i praktycy metodologii LCA (<em>ang. life cycle assessement<\/em>) dyskutowali o roli nauki i edukacji, w\u0142adz regionalnych oraz sektora biznesu w rozwoju LCA. Przedstawiono prezentacje i studia przypadk\u00f3w oraz najlepsze dobre praktyki wybrane przez partner\u00f3w z 7 kraj\u00f3w europejskich. Uczestnicy zgodzili si\u0119, \u017ce szersze rozpowszechnienie szkole\u0144 tematycznych by\u0142oby wskazane nie tylko w sektorze akademickim, ale tak\u017ce bardziej przekrojowo, zar\u00f3wno w biznesie jak i sferze publicznej. Dotyczy to wszystkich region\u00f3w europejskich. Po\u017c\u0105dane by\u0142oby tak\u017ce wzmocnienie przekazu skierowanego do spo\u0142ecze\u0144stwa, aby pokaza\u0107 rzeczywiste korzy\u015bci p\u0142yn\u0105ce z praktycznych zastosowa\u0144 LCA. Partnerzy projektu z uznaniem odnie\u015bli si\u0119 do profilu kszta\u0142cenia wprowadzanego na Politechnice \u0141\u00f3dzkiej, gdzie przedmiot LCA jest wprowadzany jako obowi\u0105zkowy dla wi\u0119kszo\u015bci student\u00f3w. &nbsp;Id\u0105c w \u015blad za tym partnerzy doszli do wniosku, \u017ce wszystkie regiony powinny zwr\u00f3ci\u0107 uwag\u0119, aby tzw. \u201ezielone kompetencje\u201d &nbsp;stawa\u0142y si\u0119 jeszcze bardziej atrakcyjne dla student\u00f3w, a my\u015blenie oparte na cyklu \u017cycia by\u0142o uwzgl\u0119dniane przekrojowo na wszystkich kierunkach. Dotyczy to zw\u0142aszcza student\u00f3w in\u017cynierii \u015brodowiska, kt\u00f3rzy powinni by\u0107 \u015bwiadomi wp\u0142ywu swoich decyzji na \u015brodowisko, klimat i spo\u0142ecze\u0144stwo. Obecnie mo\u017cliwo\u015bci szkoleniowe w regionach s\u0105 rozproszone, dlatego wskazano na potrzeb\u0119 ich wzmocnienia poprzez tworzenie sieci kontakt\u00f3w mi\u0119dzynarodowych. &nbsp;Przyk\u0142adami mi\u0119dzynarodowych szkole\u0144 i \u017ar\u00f3de\u0142 informacji s\u0105 m.in. pakiet szkoleniowy Organizacji Narod\u00f3w Zjednoczonych UNEP <a href=\"https:\/\/www.lifecycleinitiative.org\/resources\/training\/lca-life-cycle-assessment-training-kit-material\/\">Life Cycle Assessment Training Kit<\/a> dotycz\u0105cy oceny cyklu \u017cycia, pakiet e-learningowy \u201eMy\u015blenie o cyklu \u017cycia\u201d <a href=\"https:\/\/www.lifecycleinitiative.org\/life-cycle-thinking-e-learning-modules\/\">Life Cycle Thinking e-learning package<\/a>, szko\u0142y letnie <a href=\"https:\/\/fslci.org\/lcss\/\">FSLCI summer schools<\/a>, centrum LCA UNESCO w Barcelonie <a href=\"https:\/\/www.esci.upf.edu\/en\/unesco-chair-in-life-cycle-and-climate-change\/catedra-introduction\">UNESCO LCA centre in Barcelona<\/a> oraz platforma UE ds. oceny cyklu \u017cycia <a href=\"https:\/\/eplca.jrc.ec.europa.eu\">EU Platform on Life Cycle Assessment<\/a>. Zaprezentowane przez uczestnik\u00f3w spotkania dobre praktyki w zakresie rozwoju LCA dostarczy\u0142y inspiruj\u0105cych przyk\u0142ad\u00f3w tego, jak wsp\u00f3\u0142pracowa\u0107 i anga\u017cowa\u0107 interesariuszy z sektora prywatnego w koncepcj\u0119 szkole\u0144 dotycz\u0105cych tego zagadnienia. Przyk\u0142adem tego mog\u0105 by\u0107 szkolenia dotycz\u0105ce cyklu \u017cycia w hiszpa\u0144skim regionie Navarra lub w fi\u0144skiej \u201eAkademii na rzecz zr\u00f3wnowa\u017conego zarz\u0105dzania zam\u00f3wieniami publicznymi\u201d - KEINO. Zaawansowane rozwi\u0105zania przedstawi\u0142a tak\u017ce Politechnika w Kownie (Litwa), gdzie modu\u0142y ekoprojektowania i zr\u00f3wnowa\u017conego rozwoju s\u0105 zawarte w r\u00f3\u017cnych programach licencjackich, magisterskich i doktoranckich.<\/p>\n<p style=\"text-align: justify;\">V mi\u0119dzynarodowe spotkanie partner\u00f3w projektu LCA4Regions by\u0142o okazj\u0105 dla Wojew\u00f3dztwa \u0141\u00f3dzkiego nie tylko do zaprezentowania swoich osi\u0105gni\u0119\u0107, ale tak\u017ce do zdobycia cennych do\u015bwiadcze\u0144 od partner\u00f3w projektu. Nast\u0119pne spotkanie partner\u00f3w projektu LCA4regions odb\u0119dzie si\u0119 w listopadzie br. w Lombardii we W\u0142oszech i b\u0119dzie dotyczy\u0107 sposob\u00f3w oceny i monitorowania LCA. Zapis spotkania oraz prezentacje s\u0105 dost\u0119pne na stronie internetowej LCA4Regions: <a href=\"http:\/\/www.interregeurope.eu\/lca4regions\/events\/event\/4683\/training-and-capacity-building-in-lca\/\">http:\/\/www.interregeurope.eu\/lca4regions\/events\/event\/4683\/training-and-capacity-building-in-lca\/<\/a>.<\/p>\n<\/div><\/div><\/div><\/div><\/div><\/section>\n","protected":false},"excerpt":{"rendered":"<p>&nbsp; Partnerzy projektu pt. \u201eOchrona \u015brodowiska i efektywne gospodarowanie zasobami przez wykorzystanie instrument\u00f3w cyklu \u017cycia produktu w realizacji polityki regionalnej\u201d &#8211; LCA4Regions (program Interreg Europe) spotkali si\u0119 kolejny raz, aby wymieni\u0107 si\u0119 do\u015bwiadczeniami i przedyskutowa\u0107 w jaki spos\u00f3b mo\u017cna rozwija\u0107 potencja\u0142 metodologii cyklu \u017cycia. Trzydniowe spotkanie online w autorskiej formule tzw. TLJ5 (ang. Transnational Learning [&hellip;]<\/p>\n","protected":false},"author":15,"featured_media":0,"parent":7068,"menu_order":0,"comment_status":"closed","ping_status":"closed","template":"","meta":{"_acf_changed":false,"footnotes":""},"class_list":["post-8286","page","type-page","status-publish","hentry"],"acf":[],"_links":{"self":[{"href":"https:\/\/bruksela.lodzkie.pl\/en\/wp-json\/wp\/v2\/pages\/8286","targetHints":{"allow":["GET"]}}],"collection":[{"href":"https:\/\/bruksela.lodzkie.pl\/en\/wp-json\/wp\/v2\/pages"}],"about":[{"href":"https:\/\/bruksela.lodzkie.pl\/en\/wp-json\/wp\/v2\/types\/page"}],"author":[{"embeddable":true,"href":"https:\/\/bruksela.lodzkie.pl\/en\/wp-json\/wp\/v2\/users\/15"}],"replies":[{"embeddable":true,"href":"https:\/\/bruksela.lodzkie.pl\/en\/wp-json\/wp\/v2\/comments?post=8286"}],"version-history":[{"count":1,"href":"https:\/\/bruksela.lodzkie.pl\/en\/wp-json\/wp\/v2\/pages\/8286\/revisions"}],"predecessor-version":[{"id":8304,"href":"https:\/\/bruksela.lodzkie.pl\/en\/wp-json\/wp\/v2\/pages\/8286\/revisions\/8304"}],"up":[{"embeddable":true,"href":"https:\/\/bruksela.lodzkie.pl\/en\/wp-json\/wp\/v2\/pages\/7068"}],"wp:attachment":[{"href":"https:\/\/bruksela.lodzkie.pl\/en\/wp-json\/wp\/v2\/media?parent=8286"}],"curies":[{"name":"wp","href":"https:\/\/api.w.org\/{rel}","templated":true}]}}