{"id":7146,"date":"2020-02-17T12:53:26","date_gmt":"2020-02-17T11:53:26","guid":{"rendered":"https:\/\/bruksela.lodzkie.pl\/?page_id=7146"},"modified":"2020-02-17T15:14:27","modified_gmt":"2020-02-17T14:14:27","slug":"vi-spotkanie-partnerow-projektu-finch-23-24-pazdziernika-2019-r","status":"publish","type":"page","link":"https:\/\/bruksela.lodzkie.pl\/fr\/vi-spotkanie-partnerow-projektu-finch-23-24-pazdziernika-2019-r\/","title":{"rendered":"(Polski) VI spotkanie Partner\u00f3w projektu FINCH, 23-24 pa\u017adziernika 2019 r."},"content":{"rendered":"<section ><div class=\"container\"><div class=\"row\"><div class=\"wpb_column vc_column_container col-sm-12  col-xs-mobile-fullwidth\"><div class=\"vc-column-innner-wrapper\"><div class=\"wpd-innner-wrapper\"><p>W dniach 23 - 24 pa\u017adziernika 2019 r. Wojew\u00f3dztwo \u0141\u00f3dzkie go\u015bci\u0142o przedstawicieli instytucji partnerskich projektu FINCH z W\u0142och, Grecji, Finlandii, Hiszpanii, Niemiec i Rumunii, wraz z zaproszonymi interesariuszami regionalnymi \u2013 ekspertami zajmuj\u0105cymi si\u0119 ochron\u0105 dziedzictwa kulturowego i jego finansowaniem.<\/p>\n<p>Uczestnicy spotkania wsp\u00f3lnie poszukiwali nowych rozwi\u0105za\u0144 finansowania rozwoju kultury i ochrony dziedzictwa kulturowego. Jako punkt wyj\u015bcia do dyskusji, go\u015bciom przedstawione zosta\u0142y przyk\u0142adowe rozwi\u0105zania i tzw. \u201edobre praktyki\u201d funkcjonowania i zarz\u0105dzania zabytkowymi obiektami w&nbsp;wojew\u00f3dztwie \u0142\u00f3dzkim:<\/p>\n<ul>\n<li>Filharmonia im. Artura Rubinsteina w \u0141odzi;<\/li>\n<li>Park Kulturowy \u201cMiasto Tkaczy\u201d w Zgierzu;<\/li>\n<li>Muzeum w Nieborowie i Arkadii;<\/li>\n<li>Instytut Europejski w \u0141odzi;<\/li>\n<li>MS1 \u2013 Muzeum Sztuki w \u0141odzi.<\/li>\n<\/ul>\n<p>Podczas paneli dyskusyjnych omawiano dalsze mo\u017cliwo\u015bci rozwojowe poszczeg\u00f3lnych instytucji, w&nbsp;odniesieniu do uwarunkowa\u0144 i mo\u017cliwo\u015bci finansowych. W tym kontek\u015bcie podkre\u015blono du\u017ce znaczenie nawi\u0105zywania wsp\u00f3\u0142pracy z podmiotami prywatnymi, np. w ramach Partnerstwa Publiczno-Prywatnego.<\/p>\n<p>Inwestycje w ochron\u0119 dziedzictwa kulturowego zwi\u0105zane s\u0105 nie tylko z rozwojem spo\u0142eczno-gospodarczym i wzrostem zatrudnienia, u\u0142atwiaj\u0105 dostrzeganie zmian spo\u0142ecznych i kulturowych zachodz\u0105cych w spo\u0142ecze\u0144stwie europejskim. Podstaw\u0105 poznania i docenienia bogactwa i&nbsp;r\u00f3\u017cnorodno\u015bci europejskiego dziedzictwa kulturowego jest wdra\u017canie inwestycji na poziomie regionalnym i lokalnym.<\/p>\n<p>Poza zwi\u0119kszeniem finansowych mo\u017cliwo\u015bci korzystania z narz\u0119dzi ochrony i propagowania dziedzictwa kulturowego, jak m.in. Program \u201eKreatywna Europa\u201d, Europejskie Dni Dziedzictwa Kulturowego, ERASMUS, bior\u0105c pod uwag\u0119 powi\u0105zania rozwoju kultury z turystyk\u0105, polityk\u0105 regionaln\u0105, m\u0142odzie\u017c\u0105 oraz badaniami i rozwojem, wa\u017cne jest r\u00f3wnie\u017c zwi\u0119kszanie mo\u017cliwo\u015bci wsp\u00f3\u0142finansowania tego obszaru tematycznego w ramach funduszy UE.<\/p>\n<p>Du\u017cy potencja\u0142 w zakresie rozwoju terytorialnego ma turystyka kulturalna, kt\u00f3rej rozw\u00f3j wyznaczony w dokumentach strategicznych (np. inteligentne specjalizacje) pozwala zaplanowa\u0107 oddzia\u0142ywanie na zr\u00f3wnowa\u017cony rozw\u00f3j obszar\u00f3w lokalnych. Nale\u017cy przy tym mie\u0107 na uwadze r\u00f3wnowag\u0119 pomi\u0119dzy przydzia\u0142em \u015brodk\u00f3w na du\u017ce infrastrukturalne projekty oraz na dzia\u0142ania wspieraj\u0105ce aktywno\u015b\u0107 artystyczn\u0105 i kulturow\u0105 w lokalnych i regionalnych spo\u0142eczno\u015bciach oraz dla M\u015aP.<\/p>\n<\/div><\/div><\/div><\/div><\/div><\/section><section><div class=\"container\"><div class=\"row\"><div class=\"wpb_column vc_column_container col-sm-12  col-xs-mobile-fullwidth\"><div class=\"vc-column-innner-wrapper\"><div class=\"wpd-innner-wrapper\"><div  class=\"gutter grid-gallery work-1col overflow-hidden\"><ul class=\"grid masonry-item lightbox-gallery\"><li ><figure class=\"overflow-hidden\"><a class=\"lightboxgalleryitem\" data-group=\"default\" href=\"https:\/\/bruksela.lodzkie.pl\/wp-content\/uploads\/2020\/02\/IMG_0815.jpg\"><img loading=\"lazy\" decoding=\"async\" src=\"https:\/\/bruksela.lodzkie.pl\/wp-content\/uploads\/2020\/02\/IMG_0815.jpg\" alt=\"\" width=\"2016\" height=\"1512\" \/><\/a><\/figure><\/li><\/ul><\/div><\/div><\/div><\/div><\/div><\/div><\/section>\n","protected":false},"excerpt":{"rendered":"<p>W dniach 23 &#8211; 24 pa\u017adziernika 2019 r. Wojew\u00f3dztwo \u0141\u00f3dzkie go\u015bci\u0142o przedstawicieli instytucji partnerskich projektu FINCH z W\u0142och, Grecji, Finlandii, Hiszpanii, Niemiec i Rumunii, wraz z zaproszonymi interesariuszami regionalnymi \u2013 ekspertami zajmuj\u0105cymi si\u0119 ochron\u0105 dziedzictwa kulturowego i jego finansowaniem. Uczestnicy spotkania wsp\u00f3lnie poszukiwali nowych rozwi\u0105za\u0144 finansowania rozwoju kultury i ochrony dziedzictwa kulturowego. Jako punkt wyj\u015bcia [&hellip;]<\/p>\n","protected":false},"author":14,"featured_media":0,"parent":0,"menu_order":0,"comment_status":"closed","ping_status":"closed","template":"","meta":{"_acf_changed":false,"footnotes":""},"class_list":["post-7146","page","type-page","status-publish","hentry"],"acf":[],"_links":{"self":[{"href":"https:\/\/bruksela.lodzkie.pl\/fr\/wp-json\/wp\/v2\/pages\/7146","targetHints":{"allow":["GET"]}}],"collection":[{"href":"https:\/\/bruksela.lodzkie.pl\/fr\/wp-json\/wp\/v2\/pages"}],"about":[{"href":"https:\/\/bruksela.lodzkie.pl\/fr\/wp-json\/wp\/v2\/types\/page"}],"author":[{"embeddable":true,"href":"https:\/\/bruksela.lodzkie.pl\/fr\/wp-json\/wp\/v2\/users\/14"}],"replies":[{"embeddable":true,"href":"https:\/\/bruksela.lodzkie.pl\/fr\/wp-json\/wp\/v2\/comments?post=7146"}],"version-history":[{"count":1,"href":"https:\/\/bruksela.lodzkie.pl\/fr\/wp-json\/wp\/v2\/pages\/7146\/revisions"}],"predecessor-version":[{"id":7206,"href":"https:\/\/bruksela.lodzkie.pl\/fr\/wp-json\/wp\/v2\/pages\/7146\/revisions\/7206"}],"wp:attachment":[{"href":"https:\/\/bruksela.lodzkie.pl\/fr\/wp-json\/wp\/v2\/media?parent=7146"}],"curies":[{"name":"wp","href":"https:\/\/api.w.org\/{rel}","templated":true}]}}